{"id":42084,"date":"2026-06-15T14:27:03","date_gmt":"2026-06-15T12:27:03","guid":{"rendered":"https:\/\/test.steinmuehle.de\/?post_type=event&#038;p=42084"},"modified":"2026-06-15T14:27:03","modified_gmt":"2026-06-15T12:27:03","slug":"26-09-26-ab-15-uhr-herbstfest","status":"publish","type":"event","link":"https:\/\/steinmuehle.de\/zh-hans\/blog\/event\/26-09-26-ab-15-uhr-herbstfest\/","title":{"rendered":"26.09.26 ab 15 Uhr: Herbstfest"},"content":{"rendered":"<p><span data-olk-copy-source=\"MessageBody\">Der H\u00f6hepunkt aller Festivit\u00e4ten an der Steinm\u00fchle ist in jedem Jahr das Herbstfest. Tragen Sie sich daher auch diesmal das Datum ganz fest in Ihren Kalender ein. Treffen Sie Ehemalige aus allen Bereichen, schauen Sie sich auf dem Campus um und informieren Sie sich \u00fcber Projekte der aktuellen Schulklassen. F\u00fcr das leibliche Wohl ist bis in die sp\u00e4teren Abendstunden gesorgt!<\/span><\/p>\n","protected":false},"author":30,"featured_media":42085,"menu_order":0,"template":"","meta":{"_acf_changed":false},"event_cat":[83],"class_list":["post-42084","event","type-event","status-publish","has-post-thumbnail","hentry","event_cat-veranstaltungen"],"acf":[],"yoast_head":"<!-- This site is optimized with the Yoast SEO Premium plugin v28.1 (Yoast SEO v28.3) - https:\/\/yoast.com\/product\/yoast-seo-premium-wordpress\/ -->\n<title>26.09.26 ab 15 Uhr: Herbstfest - Steinm\u00fchle \u2013 Schule &amp; Internat<\/title>\n<meta name=\"robots\" content=\"index, follow, max-snippet:-1, max-image-preview:large, max-video-preview:-1\" \/>\n<link rel=\"canonical\" href=\"https:\/\/steinmuehle.de\/zh-hans\/blog\/event\/26-09-26-ab-15-uhr-herbstfest\/\" \/>\n<meta property=\"og:locale\" content=\"zh_CN\" \/>\n<meta property=\"og:type\" content=\"article\" \/>\n<meta property=\"og:title\" content=\"26.09.26 ab 15 Uhr: Herbstfest\" \/>\n<meta property=\"og:description\" content=\"Der H\u00f6hepunkt aller Festivit\u00e4ten an der Steinm\u00fchle ist [&hellip;]\" \/>\n<meta property=\"og:url\" content=\"https:\/\/steinmuehle.de\/zh-hans\/blog\/event\/26-09-26-ab-15-uhr-herbstfest\/\" \/>\n<meta property=\"og:site_name\" content=\"Steinm\u00fchle \u2013 Schule &amp; Internat\" \/>\n<meta property=\"article:publisher\" content=\"https:\/\/www.facebook.com\/steinmuehle\/\" \/>\n<meta property=\"og:image\" content=\"https:\/\/steinmuehle.de\/wp-content\/uploads\/sites\/5\/2026\/06\/Herbstfest.jpg\" \/>\n\t<meta property=\"og:image:width\" content=\"1000\" \/>\n\t<meta property=\"og:image:height\" content=\"667\" \/>\n\t<meta property=\"og:image:type\" content=\"image\/jpeg\" \/>\n<meta name=\"twitter:card\" content=\"summary_large_image\" \/>\n<script type=\"application\/ld+json\" class=\"yoast-schema-graph\">{\"@context\":\"https:\\\/\\\/schema.org\",\"@graph\":[{\"@type\":\"WebPage\",\"@id\":\"https:\\\/\\\/steinmuehle.de\\\/zh-hans\\\/blog\\\/event\\\/26-09-26-ab-15-uhr-herbstfest\\\/\",\"url\":\"https:\\\/\\\/steinmuehle.de\\\/zh-hans\\\/blog\\\/event\\\/26-09-26-ab-15-uhr-herbstfest\\\/\",\"name\":\"26.09.26 ab 15 Uhr: Herbstfest - Steinm\u00fchle \u2013 Schule &amp; Internat\",\"isPartOf\":{\"@id\":\"https:\\\/\\\/steinmuehle.de\\\/zh-hans\\\/#website\"},\"primaryImageOfPage\":{\"@id\":\"https:\\\/\\\/steinmuehle.de\\\/zh-hans\\\/blog\\\/event\\\/26-09-26-ab-15-uhr-herbstfest\\\/#primaryimage\"},\"image\":{\"@id\":\"https:\\\/\\\/steinmuehle.de\\\/zh-hans\\\/blog\\\/event\\\/26-09-26-ab-15-uhr-herbstfest\\\/#primaryimage\"},\"thumbnailUrl\":\"https:\\\/\\\/steinmuehle.de\\\/wp-content\\\/uploads\\\/sites\\\/5\\\/2026\\\/06\\\/Herbstfest.jpg\",\"datePublished\":\"2026-06-15T12:27:03+00:00\",\"breadcrumb\":{\"@id\":\"https:\\\/\\\/steinmuehle.de\\\/zh-hans\\\/blog\\\/event\\\/26-09-26-ab-15-uhr-herbstfest\\\/#breadcrumb\"},\"inLanguage\":\"zh-Hans\",\"potentialAction\":[{\"@type\":\"ReadAction\",\"target\":[\"https:\\\/\\\/steinmuehle.de\\\/zh-hans\\\/blog\\\/event\\\/26-09-26-ab-15-uhr-herbstfest\\\/\"]}]},{\"@type\":\"ImageObject\",\"inLanguage\":\"zh-Hans\",\"@id\":\"https:\\\/\\\/steinmuehle.de\\\/zh-hans\\\/blog\\\/event\\\/26-09-26-ab-15-uhr-herbstfest\\\/#primaryimage\",\"url\":\"https:\\\/\\\/steinmuehle.de\\\/wp-content\\\/uploads\\\/sites\\\/5\\\/2026\\\/06\\\/Herbstfest.jpg\",\"contentUrl\":\"https:\\\/\\\/steinmuehle.de\\\/wp-content\\\/uploads\\\/sites\\\/5\\\/2026\\\/06\\\/Herbstfest.jpg\",\"width\":1000,\"height\":667},{\"@type\":\"BreadcrumbList\",\"@id\":\"https:\\\/\\\/steinmuehle.de\\\/zh-hans\\\/blog\\\/event\\\/26-09-26-ab-15-uhr-herbstfest\\\/#breadcrumb\",\"itemListElement\":[{\"@type\":\"ListItem\",\"position\":1,\"name\":\"Start\",\"item\":\"https:\\\/\\\/steinmuehle.de\\\/zh-hans\\\/%e9%a6%96%e9%a1%b5\\\/\"},{\"@type\":\"ListItem\",\"position\":2,\"name\":\"Events\",\"item\":\"https:\\\/\\\/steinmuehle.de\\\/zh-hans\\\/blog\\\/event\\\/\"},{\"@type\":\"ListItem\",\"position\":3,\"name\":\"26.09.26 ab 15 Uhr: Herbstfest\"}]},{\"@type\":\"WebSite\",\"@id\":\"https:\\\/\\\/steinmuehle.de\\\/zh-hans\\\/#website\",\"url\":\"https:\\\/\\\/steinmuehle.de\\\/zh-hans\\\/\",\"name\":\"Steinm\u00fchle \u2013 Schule & Internat\",\"description\":\"\",\"publisher\":{\"@id\":\"https:\\\/\\\/steinmuehle.de\\\/zh-hans\\\/#organization\"},\"potentialAction\":[{\"@type\":\"SearchAction\",\"target\":{\"@type\":\"EntryPoint\",\"urlTemplate\":\"https:\\\/\\\/steinmuehle.de\\\/zh-hans\\\/?s={search_term_string}\"},\"query-input\":{\"@type\":\"PropertyValueSpecification\",\"valueRequired\":true,\"valueName\":\"search_term_string\"}}],\"inLanguage\":\"zh-Hans\"},{\"@type\":\"Organization\",\"@id\":\"https:\\\/\\\/steinmuehle.de\\\/zh-hans\\\/#organization\",\"name\":\"Steinm\u00fchle \u2013 Schule & Internat\",\"url\":\"https:\\\/\\\/steinmuehle.de\\\/zh-hans\\\/\",\"logo\":{\"@type\":\"ImageObject\",\"inLanguage\":\"zh-Hans\",\"@id\":\"https:\\\/\\\/steinmuehle.de\\\/zh-hans\\\/#\\\/schema\\\/logo\\\/image\\\/\",\"url\":\"https:\\\/\\\/steinmuehle.de\\\/wp-content\\\/uploads\\\/sites\\\/5\\\/2025\\\/11\\\/Logo_SchuleInternat_Steinmuehle_2026_3.png\",\"contentUrl\":\"https:\\\/\\\/steinmuehle.de\\\/wp-content\\\/uploads\\\/sites\\\/5\\\/2025\\\/11\\\/Logo_SchuleInternat_Steinmuehle_2026_3.png\",\"width\":450,\"height\":165,\"caption\":\"Steinm\u00fchle \u2013 Schule & Internat\"},\"image\":{\"@id\":\"https:\\\/\\\/steinmuehle.de\\\/zh-hans\\\/#\\\/schema\\\/logo\\\/image\\\/\"},\"sameAs\":[\"https:\\\/\\\/www.facebook.com\\\/steinmuehle\\\/\",\"https:\\\/\\\/www.instagram.com\\\/steinmuehle\\\/\",\"https:\\\/\\\/www.linkedin.com\\\/school\\\/steinmuehle\\\/\"]}]}<\/script>\n<!-- \/ Yoast SEO Premium plugin. -->","yoast_head_json":{"title":"26.09.26 ab 15 Uhr: Herbstfest - Steinm\u00fchle \u2013 Schule &amp; Internat","robots":{"index":"index","follow":"follow","max-snippet":"max-snippet:-1","max-image-preview":"max-image-preview:large","max-video-preview":"max-video-preview:-1"},"canonical":"https:\/\/steinmuehle.de\/zh-hans\/blog\/event\/26-09-26-ab-15-uhr-herbstfest\/","og_locale":"zh_CN","og_type":"article","og_title":"26.09.26 ab 15 Uhr: Herbstfest","og_description":"Der H\u00f6hepunkt aller Festivit\u00e4ten an der Steinm\u00fchle ist [&hellip;]","og_url":"https:\/\/steinmuehle.de\/zh-hans\/blog\/event\/26-09-26-ab-15-uhr-herbstfest\/","og_site_name":"Steinm\u00fchle \u2013 Schule &amp; Internat","article_publisher":"https:\/\/www.facebook.com\/steinmuehle\/","og_image":[{"width":1000,"height":667,"url":"https:\/\/steinmuehle.de\/wp-content\/uploads\/sites\/5\/2026\/06\/Herbstfest.jpg","type":"image\/jpeg"}],"twitter_card":"summary_large_image","schema":{"@context":"https:\/\/schema.org","@graph":[{"@type":"WebPage","@id":"https:\/\/steinmuehle.de\/zh-hans\/blog\/event\/26-09-26-ab-15-uhr-herbstfest\/","url":"https:\/\/steinmuehle.de\/zh-hans\/blog\/event\/26-09-26-ab-15-uhr-herbstfest\/","name":"26.09.26 ab 15 Uhr: Herbstfest - Steinm\u00fchle \u2013 Schule &amp; Internat","isPartOf":{"@id":"https:\/\/steinmuehle.de\/zh-hans\/#website"},"primaryImageOfPage":{"@id":"https:\/\/steinmuehle.de\/zh-hans\/blog\/event\/26-09-26-ab-15-uhr-herbstfest\/#primaryimage"},"image":{"@id":"https:\/\/steinmuehle.de\/zh-hans\/blog\/event\/26-09-26-ab-15-uhr-herbstfest\/#primaryimage"},"thumbnailUrl":"https:\/\/steinmuehle.de\/wp-content\/uploads\/sites\/5\/2026\/06\/Herbstfest.jpg","datePublished":"2026-06-15T12:27:03+00:00","breadcrumb":{"@id":"https:\/\/steinmuehle.de\/zh-hans\/blog\/event\/26-09-26-ab-15-uhr-herbstfest\/#breadcrumb"},"inLanguage":"zh-Hans","potentialAction":[{"@type":"ReadAction","target":["https:\/\/steinmuehle.de\/zh-hans\/blog\/event\/26-09-26-ab-15-uhr-herbstfest\/"]}]},{"@type":"ImageObject","inLanguage":"zh-Hans","@id":"https:\/\/steinmuehle.de\/zh-hans\/blog\/event\/26-09-26-ab-15-uhr-herbstfest\/#primaryimage","url":"https:\/\/steinmuehle.de\/wp-content\/uploads\/sites\/5\/2026\/06\/Herbstfest.jpg","contentUrl":"https:\/\/steinmuehle.de\/wp-content\/uploads\/sites\/5\/2026\/06\/Herbstfest.jpg","width":1000,"height":667},{"@type":"BreadcrumbList","@id":"https:\/\/steinmuehle.de\/zh-hans\/blog\/event\/26-09-26-ab-15-uhr-herbstfest\/#breadcrumb","itemListElement":[{"@type":"ListItem","position":1,"name":"Start","item":"https:\/\/steinmuehle.de\/zh-hans\/%e9%a6%96%e9%a1%b5\/"},{"@type":"ListItem","position":2,"name":"Events","item":"https:\/\/steinmuehle.de\/zh-hans\/blog\/event\/"},{"@type":"ListItem","position":3,"name":"26.09.26 ab 15 Uhr: Herbstfest"}]},{"@type":"WebSite","@id":"https:\/\/steinmuehle.de\/zh-hans\/#website","url":"https:\/\/steinmuehle.de\/zh-hans\/","name":"Steinm\u00fchle \u2013 Schule & Internat","description":"","publisher":{"@id":"https:\/\/steinmuehle.de\/zh-hans\/#organization"},"potentialAction":[{"@type":"SearchAction","target":{"@type":"EntryPoint","urlTemplate":"https:\/\/steinmuehle.de\/zh-hans\/?s={search_term_string}"},"query-input":{"@type":"PropertyValueSpecification","valueRequired":true,"valueName":"search_term_string"}}],"inLanguage":"zh-Hans"},{"@type":"Organization","@id":"https:\/\/steinmuehle.de\/zh-hans\/#organization","name":"Steinm\u00fchle \u2013 Schule & Internat","url":"https:\/\/steinmuehle.de\/zh-hans\/","logo":{"@type":"ImageObject","inLanguage":"zh-Hans","@id":"https:\/\/steinmuehle.de\/zh-hans\/#\/schema\/logo\/image\/","url":"https:\/\/steinmuehle.de\/wp-content\/uploads\/sites\/5\/2025\/11\/Logo_SchuleInternat_Steinmuehle_2026_3.png","contentUrl":"https:\/\/steinmuehle.de\/wp-content\/uploads\/sites\/5\/2025\/11\/Logo_SchuleInternat_Steinmuehle_2026_3.png","width":450,"height":165,"caption":"Steinm\u00fchle \u2013 Schule & Internat"},"image":{"@id":"https:\/\/steinmuehle.de\/zh-hans\/#\/schema\/logo\/image\/"},"sameAs":["https:\/\/www.facebook.com\/steinmuehle\/","https:\/\/www.instagram.com\/steinmuehle\/","https:\/\/www.linkedin.com\/school\/steinmuehle\/"]}]}},"_links":{"self":[{"href":"https:\/\/steinmuehle.de\/zh-hans\/wp-json\/wp\/v2\/event\/42084","targetHints":{"allow":["GET"]}}],"collection":[{"href":"https:\/\/steinmuehle.de\/zh-hans\/wp-json\/wp\/v2\/event"}],"about":[{"href":"https:\/\/steinmuehle.de\/zh-hans\/wp-json\/wp\/v2\/types\/event"}],"author":[{"embeddable":true,"href":"https:\/\/steinmuehle.de\/zh-hans\/wp-json\/wp\/v2\/users\/30"}],"wp:featuredmedia":[{"embeddable":true,"href":"https:\/\/steinmuehle.de\/zh-hans\/wp-json\/wp\/v2\/media\/42085"}],"wp:attachment":[{"href":"https:\/\/steinmuehle.de\/zh-hans\/wp-json\/wp\/v2\/media?parent=42084"}],"wp:term":[{"taxonomy":"event_cat","embeddable":true,"href":"https:\/\/steinmuehle.de\/zh-hans\/wp-json\/wp\/v2\/event_cat?post=42084"}],"curies":[{"name":"wp","href":"https:\/\/api.w.org\/{rel}","templated":true}]}}